{"id":339,"date":"2023-01-09T07:06:24","date_gmt":"2023-01-09T07:06:24","guid":{"rendered":"https:\/\/leydemoises.org\/fe\/?page_id=339"},"modified":"2023-01-09T07:06:24","modified_gmt":"2023-01-09T07:06:24","slug":"41-juan-el-bautista-niega-ser-elias-juan-121-en-contradiccion-con-jesus","status":"publish","type":"page","link":"https:\/\/www.judaismocaraita.org\/troki\/41-juan-el-bautista-niega-ser-elias-juan-121-en-contradiccion-con-jesus\/","title":{"rendered":"41. Juan el Bautista niega ser El\u00edas (Juan 1:21) en contradicci\u00f3n con Jes\u00fas"},"content":{"rendered":"<p class=\"CDt4Ke zfr3Q\" dir=\"ltr\">Juan 1:21 , &#8220;Y le preguntaron: \u00bfQu\u00e9, pues? \u00bfEres t\u00fa El\u00edas? Y \u00e9l respondi\u00f3: No lo soy. \u00bfEres t\u00fa el profeta? Y \u00e9l respondi\u00f3: No&#8221;.<\/p>\n<p class=\"CDt4Ke zfr3Q\" dir=\"ltr\">Este vers\u00edculo contradice completamente la declaraci\u00f3n hecha en Mateo 11: 13-14 , seg\u00fan la cual Juan est\u00e1 incluido en la lista de profetas y se considera el \u00faltimo de ellos. Las palabras utilizadas en ese libro, que hemos tenido ocasi\u00f3n de aducir, son las siguientes: &#8220;Todos los profetas y la ley profetizaron hasta Juan; y si la recib\u00eds, este es El\u00edas [El\u00edas], que estaba por venir. &#8221; En Mateo 17: 12-13 , Jes\u00fas, aludiendo a Juan, afirma que hab\u00eda venido el precursor de s\u00ed mismo como Mes\u00edas, aunque no hab\u00eda sido reconocido como tal. All\u00ed dice: &#8220;El\u00edas [El\u00edas], ya ha venido, y no le conocieron, pero hicieron con \u00e9l todo lo que quisieron. Asimismo tambi\u00e9n el Hijo del Hombre padecer\u00e1 por ellos. Entonces los disc\u00edpulos entendieron que hablaba de Juan. el Bautista &#8220;.<\/p>\n<p class=\"CDt4Ke zfr3Q\" dir=\"ltr\">Una vez, al representar esta contradicci\u00f3n a un cristiano, eludi\u00f3 una respuesta directa con la r\u00e9plica de que Samuel tambi\u00e9n neg\u00f3 su verdadera misi\u00f3n, porque le dijo a Sa\u00fal que estaba en camino para ofrecer sacrificios, mientras que su verdadero objetivo era ungir a David. como Rey de Israel.<\/p>\n<p class=\"CDt4Ke zfr3Q\" dir=\"ltr\">La fuerza de esta respuesta no es evidente, porque Samuel no ocult\u00f3 su misi\u00f3n a David, a quien ten\u00eda que comunicar la voluntad divina, pero observ\u00f3 la precauci\u00f3n necesaria con Sa\u00fal, a quien no hab\u00eda sido enviado. Sin embargo, diferente fue el caso del supuesto El\u00edas.<\/p>\n<p class=\"CDt4Ke zfr3Q\" dir=\"ltr\">Si \u00e9l [Juan] ten\u00eda que llevar a los jud\u00edos la noticia del advenimiento del Mes\u00edas, cumpli\u00f3 de manera muy extra\u00f1a con su deber, negando su car\u00e1cter y ocultando su mensaje.<\/p>\n","protected":false},"excerpt":{"rendered":"<p>Juan 1:21 , &#8220;Y le preguntaron: \u00bfQu\u00e9, pues? \u00bfEres t\u00fa El\u00edas? Y \u00e9l respondi\u00f3: No lo soy. \u00bfEres t\u00fa el profeta? Y \u00e9l respondi\u00f3: No&#8221;. Este vers\u00edculo contradice completamente la declaraci\u00f3n hecha en Mateo 11: 13-14 , seg\u00fan la cual Juan est\u00e1 incluido en la lista de profetas y se considera el \u00faltimo de ellos. [&hellip;]<\/p>\n","protected":false},"author":1,"featured_media":0,"parent":0,"menu_order":0,"comment_status":"closed","ping_status":"closed","template":"","meta":{"footnotes":""},"class_list":["post-339","page","type-page","status-publish","hentry"],"_links":{"self":[{"href":"https:\/\/www.judaismocaraita.org\/troki\/wp-json\/wp\/v2\/pages\/339","targetHints":{"allow":["GET"]}}],"collection":[{"href":"https:\/\/www.judaismocaraita.org\/troki\/wp-json\/wp\/v2\/pages"}],"about":[{"href":"https:\/\/www.judaismocaraita.org\/troki\/wp-json\/wp\/v2\/types\/page"}],"author":[{"embeddable":true,"href":"https:\/\/www.judaismocaraita.org\/troki\/wp-json\/wp\/v2\/users\/1"}],"replies":[{"embeddable":true,"href":"https:\/\/www.judaismocaraita.org\/troki\/wp-json\/wp\/v2\/comments?post=339"}],"version-history":[{"count":0,"href":"https:\/\/www.judaismocaraita.org\/troki\/wp-json\/wp\/v2\/pages\/339\/revisions"}],"wp:attachment":[{"href":"https:\/\/www.judaismocaraita.org\/troki\/wp-json\/wp\/v2\/media?parent=339"}],"curies":[{"name":"wp","href":"https:\/\/api.w.org\/{rel}","templated":true}]}}