{"id":306,"date":"2023-01-09T06:51:09","date_gmt":"2023-01-09T06:51:09","guid":{"rendered":"https:\/\/leydemoises.org\/fe\/?page_id=306"},"modified":"2023-01-09T06:51:09","modified_gmt":"2023-01-09T06:51:09","slug":"30-examen-de-la-maldicion-de-jesus-de-la-higuera-marcos-11-11-13-mateo-2118","status":"publish","type":"page","link":"https:\/\/www.judaismocaraita.org\/troki\/30-examen-de-la-maldicion-de-jesus-de-la-higuera-marcos-11-11-13-mateo-2118\/","title":{"rendered":"30. Examen de la maldici\u00f3n de Jes\u00fas de la higuera (Marcos 11: 11-13, Mateo 21:18)"},"content":{"rendered":"<p>Marcos 9: 12-14 , &#8220;Y al d\u00eda siguiente, cuando vinieron de Betania, \u00e9l (Jes\u00fas) tuvo hambre; y, viendo una higuera de lejos que ten\u00eda hojas, vino, si acaso encontraba algo en ella; y cuando lleg\u00f3 a \u00e9l, no encontr\u00f3 nada m\u00e1s que hojas, porque la temporada de los higos a\u00fan no hab\u00eda llegado. Y Jes\u00fas respondi\u00f3 y le dijo: Nadie comer\u00e1 de ti para siempre. V\u00e9ase tambi\u00e9n Mateo 21:19.. Jes\u00fas no actu\u00f3 aqu\u00ed ni como una persona divina, ni como un hombre en quien moraba el Esp\u00edritu Divino. Porque seguramente podr\u00eda haber sabido que la higuera da su fruto solo en la temporada se\u00f1alada; tampoco cualquier persona discreta lanzar\u00eda una maldici\u00f3n sobre un \u00e1rbol por el mero hecho de estar as\u00ed decepcionada. Adem\u00e1s, si Jes\u00fas, por su mera palabra, pudo dejar un \u00e1rbol est\u00e9ril, \u00bfno podr\u00eda tambi\u00e9n, por el poder de su palabra, haber hecho que el \u00e1rbol produjera su fruto a la orden del momento, para apaciguar? su hambre? Yo, habiendo hecho uso una vez de este argumento con un cristiano, \u00e9l lo explic\u00f3 afirmando que el pasaje tiene s\u00f3lo un significado espiritual, y que la higuera nombrada no era m\u00e1s que un s\u00edmbolo utilizado por Jes\u00fas para representar a la naci\u00f3n jud\u00eda, de la misma manera. manera como los profetas los designaron el &#8220;\u00e1rbol de la vid&#8221;, y que Jes\u00fas hab\u00eda maldecido a Israel por haberlo rechazado como su maestro espiritual. Me reun\u00ed con que, en nuestras profec\u00edas sobre el tiempo del Mes\u00edas esperado y verdadero, se nos promete que en los d\u00edas del Mes\u00edas, el conocimiento y la profec\u00eda aumentar\u00e1n y prevalecer\u00e1n en todo el mundo; como se dice en Joel 2: 27-28 , &#8220;Sabr\u00e1s que estoy en medio de Israel, y que yo soy el Se\u00f1or tu Dios, y nadie m\u00e1s, y mi pueblo nunca m\u00e1s ser\u00e1 avergonzado. Y entonces derramar\u00e9 extiende mi esp\u00edritu sobre toda carne, y tus hijos y tus hijas profetizar\u00e1n &#8220;. De esta profec\u00eda se desprende claramente que muchas de las condiciones indispensables, necesarias para el advenimiento del Mes\u00edas, a\u00fan no se hab\u00edan cumplido, pero a\u00fan estaban por llegar.<\/p>\n","protected":false},"excerpt":{"rendered":"<p>Marcos 9: 12-14 , &#8220;Y al d\u00eda siguiente, cuando vinieron de Betania, \u00e9l (Jes\u00fas) tuvo hambre; y, viendo una higuera de lejos que ten\u00eda hojas, vino, si acaso encontraba algo en ella; y cuando lleg\u00f3 a \u00e9l, no encontr\u00f3 nada m\u00e1s que hojas, porque la temporada de los higos a\u00fan no hab\u00eda llegado. Y Jes\u00fas [&hellip;]<\/p>\n","protected":false},"author":1,"featured_media":0,"parent":0,"menu_order":0,"comment_status":"closed","ping_status":"closed","template":"","meta":{"footnotes":""},"class_list":["post-306","page","type-page","status-publish","hentry"],"_links":{"self":[{"href":"https:\/\/www.judaismocaraita.org\/troki\/wp-json\/wp\/v2\/pages\/306","targetHints":{"allow":["GET"]}}],"collection":[{"href":"https:\/\/www.judaismocaraita.org\/troki\/wp-json\/wp\/v2\/pages"}],"about":[{"href":"https:\/\/www.judaismocaraita.org\/troki\/wp-json\/wp\/v2\/types\/page"}],"author":[{"embeddable":true,"href":"https:\/\/www.judaismocaraita.org\/troki\/wp-json\/wp\/v2\/users\/1"}],"replies":[{"embeddable":true,"href":"https:\/\/www.judaismocaraita.org\/troki\/wp-json\/wp\/v2\/comments?post=306"}],"version-history":[{"count":0,"href":"https:\/\/www.judaismocaraita.org\/troki\/wp-json\/wp\/v2\/pages\/306\/revisions"}],"wp:attachment":[{"href":"https:\/\/www.judaismocaraita.org\/troki\/wp-json\/wp\/v2\/media?parent=306"}],"curies":[{"name":"wp","href":"https:\/\/api.w.org\/{rel}","templated":true}]}}