{"id":197,"date":"2023-01-09T05:59:28","date_gmt":"2023-01-09T05:59:28","guid":{"rendered":"https:\/\/leydemoises.org\/fe\/?page_id=197"},"modified":"2023-01-09T05:59:28","modified_gmt":"2023-01-09T05:59:28","slug":"47-fue-jesus-crucificado-con-su-voluntad-o-en-contra-de-su-voluntad","status":"publish","type":"page","link":"https:\/\/www.judaismocaraita.org\/troki\/47-fue-jesus-crucificado-con-su-voluntad-o-en-contra-de-su-voluntad\/","title":{"rendered":"47. \u00bfFue Jes\u00fas crucificado con su voluntad o en contra de su voluntad?"},"content":{"rendered":"<p class=\"CDt4Ke zfr3Q\" dir=\"ltr\">El siguiente argumento puede surgir contra los cristianos que se oponen al juda\u00edsmo. O creen que los jud\u00edos atormentaron y crucificaron a Jes\u00fas con su voluntad o en contra de su voluntad. Si con su voluntad, entonces los jud\u00edos ten\u00edan amplia sanci\u00f3n por lo que hicieron, y en ese caso solo podr\u00edan haber merecido la aprobaci\u00f3n Divina, actuando como lo hicieron entonces de conformidad con la eyaculaci\u00f3n de David en el Salmo 40: 9 [40: 8] , &#8220;He deseado cumplir tu voluntad&#8221;; y el Salmo 143: 10 , &#8220;Ens\u00e9\u00f1ame a hacer tu voluntad&#8221;. Los jud\u00edos tambi\u00e9n deben haber seguido la amonestaci\u00f3n de Esdras 10:11., \u201cY ahora alabad al Se\u00f1or el Dios de vuestros padres, y cumpl\u00eds su deseo\u201d. Adem\u00e1s de esto, debemos preguntarnos, que si Jes\u00fas estaba realmente dispuesto a afrontar tal destino, \u00bfQu\u00e9 motivo hab\u00eda para la queja o la aflicci\u00f3n? \u00bfY por qu\u00e9 or\u00f3 de la manera narrada en Mateo 26:39 , \u201cY \u00e9l [Jes\u00fas], fue un poco m\u00e1s lejos y se postr\u00f3 sobre su rostro y or\u00f3, diciendo: Padre m\u00edo, si es posible, pase de m\u00ed esta copa pero no como yo quiero, sino como t\u00fa \u201d. Despu\u00e9s de que Jes\u00fas fue fijado a la cruz, dio una prueba evidente de su no identidad con la Deidad al exclamar [ Mateo 27:46], &#8220;\u00a1Dios m\u00edo! \u00a1Dios m\u00edo! \u00bfPor qu\u00e9 me has abandonado?&#8221; Esto sostiene que la voluntad de Dios era diferente a la de Jes\u00fas, y que \u00e9l no ten\u00eda una relaci\u00f3n m\u00e1s estrecha con el Creador que la que pertenece a cualquier otro mortal.<\/p>\n<p class=\"CDt4Ke zfr3Q\" dir=\"ltr\">Ahora pasaremos a la otra alternativa y supongamos que la crucifixi\u00f3n de Jes\u00fas se hizo en contra de su voluntad. En este caso surge la pregunta: \u00bfC\u00f3mo podr\u00eda ser designado Dios mientras era incapaz de resistir el poder de quienes lo llevaron a la cruz, y c\u00f3mo podr\u00eda ser considerado el Salvador de toda la humanidad que no pudo salvar su propia vida? ?<\/p>\n<p class=\"CDt4Ke zfr3Q\" dir=\"ltr\">La adoraci\u00f3n rendida a Jes\u00fas despu\u00e9s de su muerte nos recuerda el pasaje de Ezequiel 28: 9 , \u201c\u00bfDir\u00e1s delante del que te mata: Yo soy Dios; pero t\u00fa eres un hombre y no un Dios en la mano que te mata &#8220;.<\/p>\n<p class=\"CDt4Ke zfr3Q\" dir=\"ltr\">Nota: los n\u00fameros de cap\u00edtulo y vers\u00edculo entre corchetes [] son \u200b\u200blos n\u00fameros usados \u200b\u200ben la Biblia en ingl\u00e9s.<\/p>\n","protected":false},"excerpt":{"rendered":"<p>El siguiente argumento puede surgir contra los cristianos que se oponen al juda\u00edsmo. O creen que los jud\u00edos atormentaron y crucificaron a Jes\u00fas con su voluntad o en contra de su voluntad. Si con su voluntad, entonces los jud\u00edos ten\u00edan amplia sanci\u00f3n por lo que hicieron, y en ese caso solo podr\u00edan haber merecido la [&hellip;]<\/p>\n","protected":false},"author":1,"featured_media":0,"parent":0,"menu_order":0,"comment_status":"closed","ping_status":"closed","template":"","meta":{"footnotes":""},"class_list":["post-197","page","type-page","status-publish","hentry"],"_links":{"self":[{"href":"https:\/\/www.judaismocaraita.org\/troki\/wp-json\/wp\/v2\/pages\/197","targetHints":{"allow":["GET"]}}],"collection":[{"href":"https:\/\/www.judaismocaraita.org\/troki\/wp-json\/wp\/v2\/pages"}],"about":[{"href":"https:\/\/www.judaismocaraita.org\/troki\/wp-json\/wp\/v2\/types\/page"}],"author":[{"embeddable":true,"href":"https:\/\/www.judaismocaraita.org\/troki\/wp-json\/wp\/v2\/users\/1"}],"replies":[{"embeddable":true,"href":"https:\/\/www.judaismocaraita.org\/troki\/wp-json\/wp\/v2\/comments?post=197"}],"version-history":[{"count":0,"href":"https:\/\/www.judaismocaraita.org\/troki\/wp-json\/wp\/v2\/pages\/197\/revisions"}],"wp:attachment":[{"href":"https:\/\/www.judaismocaraita.org\/troki\/wp-json\/wp\/v2\/media?parent=197"}],"curies":[{"name":"wp","href":"https:\/\/api.w.org\/{rel}","templated":true}]}}